{"id":133,"date":"2020-04-01T19:00:42","date_gmt":"2020-04-01T17:00:42","guid":{"rendered":"http:\/\/festimalles.fr\/?page_id=133"},"modified":"2022-04-12T15:08:34","modified_gmt":"2022-04-12T13:08:34","slug":"forum-des-pratiques-forum-des-experiences-2020","status":"publish","type":"page","link":"https:\/\/festimalles.fr\/index.php\/retour-sur-ledition-2022\/forum-des-pratiques-forum-des-experiences-2020\/","title":{"rendered":"Forum des Pratiques &#038; Forum des Exp\u00e9riences"},"content":{"rendered":"\n<h2 class=\"has-text-align-center wp-block-heading\">Forum des Pratiques<\/h2>\n\n\n\n<p class=\"has-text-align-center\">Nouveaut\u00e9 de cette \u00e9dition, le forum des pratiques et des exp\u00e9riences vise \u00e0 la mise en r\u00e9seau des diff\u00e9rents m\u00e9diateurs du livre des Pays-de-la-Loire et \u00e0 la circulation des id\u00e9es et des outils cr\u00e9\u00e9s. Sur des cr\u00e9neaux de 30 minutes, chaque intervenant pr\u00e9sente une exp\u00e9rience ou un outil puis en discute avec le public pr\u00e9sent. <\/p>\n\n\n\n<hr class=\"wp-block-separator\"\/>\n\n\n\n<p class=\"has-text-align-center\">De 14h \u00e0 18h<\/p>\n\n\n\n<hr class=\"wp-block-separator\"\/>\n\n\n\n<div class=\"wp-block-media-text alignwide\" style=\"grid-template-columns:47% auto\"><figure class=\"wp-block-media-text__media\"><img decoding=\"async\" src=\"http:\/\/festimalles.fr\/wp-content\/uploads\/2020\/05\/Visuel-Malle-des-voyageurs.png\" alt=\"\" class=\"wp-image-835\"\/><\/figure><div class=\"wp-block-media-text__content\">\n<p class=\"has-vivid-cyan-blue-color has-text-color\" style=\"font-size:15px\"> <em>Malle du voyageur, par Cultures du C\u0153ur <\/em> <\/p>\n\n\n\n<p class=\"has-small-font-size\">D\u00e9couvrir une malle pour adulte et son processus de cr\u00e9ation. Appr\u00e9hender des techniques d&rsquo;animation facile \u00e0 mettre en place autour de la lecture-\u00e9criture avec un public parlant peu fran\u00e7ais, en situation d&rsquo;handicap, etc  <\/p>\n\n\n\n<figure class=\"wp-block-image size-large is-resized\"><a href=\"https:\/\/www.culturesducoeur.org\/CULTURES_DU_COEUR_PAYS_DE_LA_LOIRE\" target=\"_blank\" rel=\"noopener noreferrer\"><img loading=\"lazy\" decoding=\"async\" src=\"http:\/\/festimalles.fr\/wp-content\/uploads\/2020\/04\/Logo-Cultures-du-Coeur.png\" alt=\"\" class=\"wp-image-820\" width=\"49\" height=\"81\"\/><\/a><\/figure>\n<\/div><\/div>\n\n\n\n<hr class=\"wp-block-separator\"\/>\n\n\n\n<div class=\"wp-block-media-text alignwide\"><figure class=\"wp-block-media-text__media\"><\/figure><div class=\"wp-block-media-text__content\">\n<p class=\"has-vivid-cyan-blue-color has-text-color\" style=\"font-size:15px\"><em>Eveil et langage aupr\u00e8s des tout-petits, par les PEP Vend\u00e9e et <\/em>Camille Chevalier<\/p>\n\n\n\n<p class=\"has-small-font-size\">Proposer des outils pour d\u00e9velopper les comp\u00e9tences langagi\u00e8res des tout-petits<\/p>\n<\/div><\/div>\n\n\n\n<hr class=\"wp-block-separator\"\/>\n\n\n\n<div class=\"wp-block-media-text alignwide\" style=\"grid-template-columns:46% auto\"><figure class=\"wp-block-media-text__media\"><img loading=\"lazy\" decoding=\"async\" width=\"584\" height=\"420\" src=\"http:\/\/festimalles.fr\/wp-content\/uploads\/2020\/04\/Visuel-bibliopole.jpg\" alt=\"\" class=\"wp-image-411\" srcset=\"https:\/\/festimalles.fr\/wp-content\/uploads\/2020\/04\/Visuel-bibliopole.jpg 584w, https:\/\/festimalles.fr\/wp-content\/uploads\/2020\/04\/Visuel-bibliopole-300x216.jpg 300w\" sizes=\"auto, (max-width: 584px) 100vw, 584px\" \/><\/figure><div class=\"wp-block-media-text__content\">\n<p class=\"has-vivid-cyan-blue-color has-text-color\" style=\"font-size:15px\"><em>Malle r\u00e9alit\u00e9 virtuelle \/ r\u00e9alit\u00e9 augment\u00e9e, par le BiblioP\u00f4le 49<\/em><\/p>\n\n\n\n<p class=\"has-small-font-size\">Favoriser le d\u00e9veloppement de la culture num\u00e9rique au sein des biblioth\u00e8ques de Maine-et-Loire<\/p>\n\n\n\n<figure class=\"wp-block-image size-large is-resized\"><a href=\"https:\/\/bibliopole.maine-et-loire.fr\/bibliopole-le-reseau-de-lecture-du-departement\/\" target=\"_blank\" rel=\"noreferrer noopener\"><img loading=\"lazy\" decoding=\"async\" src=\"http:\/\/festimalles.fr\/wp-content\/uploads\/2020\/04\/Logo-bibliopole-1024x256.jpg\" alt=\"\" class=\"wp-image-412\" width=\"137\" height=\"34\" srcset=\"https:\/\/festimalles.fr\/wp-content\/uploads\/2020\/04\/Logo-bibliopole-1024x256.jpg 1024w, https:\/\/festimalles.fr\/wp-content\/uploads\/2020\/04\/Logo-bibliopole-300x75.jpg 300w, https:\/\/festimalles.fr\/wp-content\/uploads\/2020\/04\/Logo-bibliopole-768x192.jpg 768w, https:\/\/festimalles.fr\/wp-content\/uploads\/2020\/04\/Logo-bibliopole-1536x384.jpg 1536w, https:\/\/festimalles.fr\/wp-content\/uploads\/2020\/04\/Logo-bibliopole-2048x512.jpg 2048w\" sizes=\"auto, (max-width: 137px) 100vw, 137px\" \/><\/a><\/figure>\n<\/div><\/div>\n\n\n\n<hr class=\"wp-block-separator\"\/>\n\n\n\n<div class=\"wp-block-media-text alignwide\" style=\"grid-template-columns:45% auto\"><figure class=\"wp-block-media-text__media\"><img decoding=\"async\" src=\"http:\/\/festimalles.fr\/wp-content\/uploads\/2020\/04\/IMG_20200219_161520-1024x768.jpg\" alt=\"\" class=\"wp-image-676\"\/><\/figure><div class=\"wp-block-media-text__content\">\n<p class=\"has-vivid-cyan-blue-color has-text-color\" style=\"font-size:15px\"><em>A la d\u00e9couverte d&rsquo;un rallye lecture \u00ab\u00a0jardinage\u00a0\u00bb, par la F\u00e9d\u00e9ration de la Sarthe de Ligue de l&rsquo;Enseigneme<\/em>nt<\/p>\n\n\n\n<p class=\"has-small-font-size\">Le jardin est un endroit tr\u00e8s calme, il ne s\u2019y passe pas grand-chose\u2026 Ah bon, vraiment&nbsp;!? \u00c7a vous dit qu\u2019on y regarde de plus pr\u00e8s&nbsp;? Apr\u00e8s un temps d\u2019appropriation de 5 albums jeunesse sur la th\u00e9matique du jardinage, nous vous proposerons de d\u00e9couvrir quelques activit\u00e9s ludo-\u00e9ducatives \u00e0 mener avec des enfants de 4 \u00e0 6 ans.<\/p>\n\n\n\n<figure class=\"wp-block-image size-large is-resized\"><a href=\"https:\/\/fal72.org\/laligue72\/\" target=\"_blank\" rel=\"noreferrer noopener\"><img loading=\"lazy\" decoding=\"async\" src=\"http:\/\/festimalles.fr\/wp-content\/uploads\/2020\/04\/Logo-FAL72-1.jpg\" alt=\"\" class=\"wp-image-579\" width=\"79\" height=\"42\"\/><\/a><\/figure>\n\n\n\n<div class=\"wp-block-file\"><a href=\"http:\/\/festimalles.fr\/wp-content\/uploads\/2020\/04\/Pr\u00e9sentation-Malles-Lecture-FAL72.pdf\" target=\"_blank\" rel=\"noreferrer noopener\">Pr\u00e9sentation Malles Lecture FAL72<\/a><a href=\"http:\/\/festimalles.fr\/wp-content\/uploads\/2020\/04\/Pr\u00e9sentation-Malles-Lecture-FAL72.pdf\" class=\"wp-block-file__button\" download>T\u00e9l\u00e9charger<\/a><\/div>\n<\/div><\/div>\n\n\n\n<hr class=\"wp-block-separator\"\/>\n\n\n\n<div class=\"wp-block-media-text alignwide\" style=\"grid-template-columns:45% auto\"><figure class=\"wp-block-media-text__media\"><img loading=\"lazy\" decoding=\"async\" width=\"657\" height=\"176\" src=\"http:\/\/festimalles.fr\/wp-content\/uploads\/2020\/04\/ecrit-la-suite-de-lhistoire-ou-change-la.png\" alt=\"\" class=\"wp-image-258\" srcset=\"https:\/\/festimalles.fr\/wp-content\/uploads\/2020\/04\/ecrit-la-suite-de-lhistoire-ou-change-la.png 657w, https:\/\/festimalles.fr\/wp-content\/uploads\/2020\/04\/ecrit-la-suite-de-lhistoire-ou-change-la-300x80.png 300w\" sizes=\"auto, (max-width: 657px) 100vw, 657px\" \/><\/figure><div class=\"wp-block-media-text__content\">\n<p class=\"has-vivid-cyan-blue-color has-text-color\" style=\"font-size:15px\"><em>Arbre \u00e0 histoires des colos et des centres de loisirs, par Jeunesse au Plein Air<\/em><\/p>\n\n\n\n<p class=\"has-small-font-size\">Pr\u00e9senter l&rsquo;Arbre \u00e0 histoires : un jeu litt\u00e9raire num\u00e9rique collaboratif et un outil d&rsquo;animation<\/p>\n\n\n\n<figure class=\"wp-block-image size-large is-resized\"><a href=\"http:\/\/www.arbre-histoires-colos-loisirs.fr\/\" target=\"_blank\" rel=\"noreferrer noopener\"><img loading=\"lazy\" decoding=\"async\" src=\"http:\/\/festimalles.fr\/wp-content\/uploads\/2020\/04\/Logo-jeunesse-au-plein-air.png\" alt=\"\" class=\"wp-image-383\" width=\"100\" height=\"37\"\/><\/a><\/figure>\n<\/div><\/div>\n\n\n\n<hr class=\"wp-block-separator\"\/>\n\n\n\n<div style=\"height:50px\" aria-hidden=\"true\" class=\"wp-block-spacer\"><\/div>\n\n\n\n<h2 class=\"has-text-align-center wp-block-heading\">Forum des Exp\u00e9riences<\/h2>\n\n\n\n<hr class=\"wp-block-separator\"\/>\n\n\n\n<p class=\"has-text-align-center\">De 14h \u00e0 18h<\/p>\n\n\n\n<hr class=\"wp-block-separator\"\/>\n\n\n\n<div class=\"wp-block-media-text alignwide\"><figure class=\"wp-block-media-text__media\"><\/figure><div class=\"wp-block-media-text__content\">\n<p class=\"has-vivid-cyan-blue-color has-text-color\" style=\"font-size:15px\"><em>Bouture d&rsquo;\u00e9criture, par Catherine Tuchais<\/em><\/p>\n\n\n\n<p class=\"has-small-font-size\">Des animatrices d\u2019ateliers d\u2019\u00e9criture se retrouvent pour inventer, explorer, revisiter et partager des pratiques.<\/p>\n<\/div><\/div>\n\n\n\n<hr class=\"wp-block-separator\"\/>\n\n\n\n<div class=\"wp-block-media-text alignwide\" style=\"grid-template-columns:42% auto\"><figure class=\"wp-block-media-text__media\"><img loading=\"lazy\" decoding=\"async\" width=\"1024\" height=\"536\" src=\"http:\/\/festimalles.fr\/wp-content\/uploads\/2020\/04\/Logo-CREPS-1024x536.jpg\" alt=\"\" class=\"wp-image-409\" srcset=\"https:\/\/festimalles.fr\/wp-content\/uploads\/2020\/04\/Logo-CREPS-1024x536.jpg 1024w, https:\/\/festimalles.fr\/wp-content\/uploads\/2020\/04\/Logo-CREPS-300x157.jpg 300w, https:\/\/festimalles.fr\/wp-content\/uploads\/2020\/04\/Logo-CREPS-768x402.jpg 768w, https:\/\/festimalles.fr\/wp-content\/uploads\/2020\/04\/Logo-CREPS-1536x805.jpg 1536w, https:\/\/festimalles.fr\/wp-content\/uploads\/2020\/04\/Logo-CREPS.jpg 1764w\" sizes=\"auto, (max-width: 1024px) 100vw, 1024px\" \/><\/figure><div class=\"wp-block-media-text__content\">\n<p class=\"has-vivid-cyan-blue-color has-text-color\" style=\"font-size:15px\"><em>Atelier d&rsquo;\u00e9criture : Pratiques et recherches, par Catherine Tuchais et Cathie Barreau<\/em><\/p>\n\n\n\n<p class=\"has-small-font-size\">Pr\u00e9sentation et \u00e9changes autour de la formation \u00ab atelier d\u2019\u00e9criture : pratiques et recherches, men\u00e9e au CREPS des Pays de la Loire <\/p>\n\n\n\n<p class=\"has-small-font-size\"><strong><em><a href=\"https:\/\/www.creps-pdl.sports.gouv.fr\/component\/creps\/?view=crepsformation&amp;Itemid=76&amp;id=111\" target=\"_blank\" rel=\"noreferrer noopener\" aria-label=\" (s\u2019ouvre dans un nouvel onglet)\">La Formation<\/a><\/em><\/strong><\/p>\n<\/div><\/div>\n\n\n\n<hr class=\"wp-block-separator\"\/>\n\n\n\n<div class=\"wp-block-media-text alignwide\" style=\"grid-template-columns:46% auto\"><figure class=\"wp-block-media-text__media\"><img loading=\"lazy\" decoding=\"async\" width=\"1024\" height=\"683\" src=\"http:\/\/festimalles.fr\/wp-content\/uploads\/2020\/04\/11-1024x683.jpg\" alt=\"\" class=\"wp-image-355\" srcset=\"https:\/\/festimalles.fr\/wp-content\/uploads\/2020\/04\/11-1024x683.jpg 1024w, https:\/\/festimalles.fr\/wp-content\/uploads\/2020\/04\/11-300x200.jpg 300w, https:\/\/festimalles.fr\/wp-content\/uploads\/2020\/04\/11-768x512.jpg 768w, https:\/\/festimalles.fr\/wp-content\/uploads\/2020\/04\/11.jpg 1500w\" sizes=\"auto, (max-width: 1024px) 100vw, 1024px\" \/><\/figure><div class=\"wp-block-media-text__content\">\n<p class=\"has-vivid-cyan-blue-color has-text-color\" style=\"font-size:15px\"><em>Brigade de lecture, par PaQ&rsquo;La Lune et Christophe Chauvet<\/em><\/p>\n\n\n\n<p class=\"has-small-font-size\">Echange d&rsquo;exp\u00e9rience autour des Brigades de Lecture et de l&rsquo;animation de coin lecture en pied d&rsquo;immeuble<\/p>\n\n\n\n<figure class=\"wp-block-image size-large is-resized\"><a href=\"https:\/\/paqlalune.fr\/\" target=\"_blank\" rel=\"noreferrer noopener\"><img loading=\"lazy\" decoding=\"async\" src=\"http:\/\/festimalles.fr\/wp-content\/uploads\/2020\/04\/Logo-paq-la-lune.jpg\" alt=\"\" class=\"wp-image-381\" width=\"72\" height=\"71\" srcset=\"https:\/\/festimalles.fr\/wp-content\/uploads\/2020\/04\/Logo-paq-la-lune.jpg 928w, https:\/\/festimalles.fr\/wp-content\/uploads\/2020\/04\/Logo-paq-la-lune-300x300.jpg 300w, https:\/\/festimalles.fr\/wp-content\/uploads\/2020\/04\/Logo-paq-la-lune-150x150.jpg 150w, https:\/\/festimalles.fr\/wp-content\/uploads\/2020\/04\/Logo-paq-la-lune-768x765.jpg 768w\" sizes=\"auto, (max-width: 72px) 100vw, 72px\" \/><\/a><\/figure>\n<\/div><\/div>\n\n\n\n<hr class=\"wp-block-separator\"\/>\n\n\n\n<div class=\"wp-block-media-text alignwide\" style=\"grid-template-columns:46% auto\"><figure class=\"wp-block-media-text__media\"><img loading=\"lazy\" decoding=\"async\" width=\"1024\" height=\"768\" src=\"http:\/\/festimalles.fr\/wp-content\/uploads\/2020\/04\/IMG_20191003_170954-2-1024x768.jpg\" alt=\"\" class=\"wp-image-356\" srcset=\"https:\/\/festimalles.fr\/wp-content\/uploads\/2020\/04\/IMG_20191003_170954-2-1024x768.jpg 1024w, https:\/\/festimalles.fr\/wp-content\/uploads\/2020\/04\/IMG_20191003_170954-2-300x225.jpg 300w, https:\/\/festimalles.fr\/wp-content\/uploads\/2020\/04\/IMG_20191003_170954-2-768x576.jpg 768w, https:\/\/festimalles.fr\/wp-content\/uploads\/2020\/04\/IMG_20191003_170954-2-1536x1152.jpg 1536w, https:\/\/festimalles.fr\/wp-content\/uploads\/2020\/04\/IMG_20191003_170954-2-2048x1536.jpg 2048w, https:\/\/festimalles.fr\/wp-content\/uploads\/2020\/04\/IMG_20191003_170954-2-120x90.jpg 120w\" sizes=\"auto, (max-width: 1024px) 100vw, 1024px\" \/><\/figure><div class=\"wp-block-media-text__content\">\n<p class=\"has-vivid-cyan-blue-color has-text-color\" style=\"font-size:15px\"><em>Une biblioth\u00e8que de rue, par Nantes Lit dans la Rue<\/em><\/p>\n\n\n\n<p class=\"has-small-font-size\">D\u00e9couverte d&rsquo;albums jeunesse et partage d&rsquo;exp\u00e9rience d&rsquo;une biblioth\u00e8que de rue<\/p>\n\n\n\n<figure class=\"wp-block-image size-large is-resized\"><a href=\"http:\/\/www.nanteslitdanslarue.fr\/\" target=\"_blank\" rel=\"noreferrer noopener\"><img loading=\"lazy\" decoding=\"async\" src=\"http:\/\/festimalles.fr\/wp-content\/uploads\/2020\/04\/Logo-nantes-lit-dans-la-rue.jpg\" alt=\"\" class=\"wp-image-400\" width=\"150\" height=\"36\" srcset=\"https:\/\/festimalles.fr\/wp-content\/uploads\/2020\/04\/Logo-nantes-lit-dans-la-rue.jpg 949w, https:\/\/festimalles.fr\/wp-content\/uploads\/2020\/04\/Logo-nantes-lit-dans-la-rue-768x191.jpg 768w\" sizes=\"auto, (max-width: 150px) 100vw, 150px\" \/><\/a><\/figure>\n<\/div><\/div>\n\n\n\n<hr class=\"wp-block-separator\"\/>\n\n\n\n<div class=\"wp-block-media-text alignwide\" style=\"grid-template-columns:46% auto\"><figure class=\"wp-block-media-text__media\"><img loading=\"lazy\" decoding=\"async\" width=\"1024\" height=\"683\" src=\"http:\/\/festimalles.fr\/wp-content\/uploads\/2020\/04\/entrenosmains-1024x683.jpg\" alt=\"\" class=\"wp-image-308\" srcset=\"https:\/\/festimalles.fr\/wp-content\/uploads\/2020\/04\/entrenosmains-1024x683.jpg 1024w, https:\/\/festimalles.fr\/wp-content\/uploads\/2020\/04\/entrenosmains-300x200.jpg 300w, https:\/\/festimalles.fr\/wp-content\/uploads\/2020\/04\/entrenosmains-768x512.jpg 768w, https:\/\/festimalles.fr\/wp-content\/uploads\/2020\/04\/entrenosmains-1536x1024.jpg 1536w, https:\/\/festimalles.fr\/wp-content\/uploads\/2020\/04\/entrenosmains-2048x1365.jpg 2048w\" sizes=\"auto, (max-width: 1024px) 100vw, 1024px\" \/><\/figure><div class=\"wp-block-media-text__content\">\n<p class=\"has-vivid-cyan-blue-color has-text-color\" style=\"font-size:15px\"><em>Art participatif, engagement et d\u00e9veloppement du pouvoir agir, par Ana Igluka<\/em> du Collectif le Thermog\u00e8ne<\/p>\n\n\n\n<p class=\"has-small-font-size\"> \u00ab\u00a0Entre nos mains, r\u00e9cits de vie \u00ab\u00a0. Ce film pr\u00e9sente les visions crois\u00e9es des acteurs d&rsquo;une Cr\u00e9ation Partag\u00e9e, dispositif d&rsquo;art participatif d\u00e9velopp\u00e9 par la Ville de Nantes. En 2014, une quinzaine d&rsquo;habitants et usagers du quartier de Port Boyer s&rsquo;engage dans l&rsquo;\u00e9criture et la r\u00e9alisation d&rsquo;un spectacle sur le mod\u00e8le du docu-concert Entre nos mains. Les acteurs (participants, m\u00e9diateurs, artistes, politiques&#8230;) racontent leur engagement et les b\u00e9n\u00e9fices qu&rsquo;ils tirent de l&rsquo;aventure. <\/p>\n\n\n\n<figure class=\"wp-block-image size-large is-resized\"><a href=\"https:\/\/anaigluka.wixsite.com\/lethermogene\" target=\"_blank\" rel=\"noreferrer noopener\"><img loading=\"lazy\" decoding=\"async\" src=\"http:\/\/festimalles.fr\/wp-content\/uploads\/2020\/04\/Logo-Collectif-le-thermog\u00e8ne-1024x378.gif\" alt=\"\" class=\"wp-image-385\" width=\"112\" height=\"40\" srcset=\"https:\/\/festimalles.fr\/wp-content\/uploads\/2020\/04\/Logo-Collectif-le-thermog\u00e8ne-1024x378.gif 1024w, https:\/\/festimalles.fr\/wp-content\/uploads\/2020\/04\/Logo-Collectif-le-thermog\u00e8ne-300x111.gif 300w, https:\/\/festimalles.fr\/wp-content\/uploads\/2020\/04\/Logo-Collectif-le-thermog\u00e8ne-768x284.gif 768w, https:\/\/festimalles.fr\/wp-content\/uploads\/2020\/04\/Logo-Collectif-le-thermog\u00e8ne-1536x567.gif 1536w, https:\/\/festimalles.fr\/wp-content\/uploads\/2020\/04\/Logo-Collectif-le-thermog\u00e8ne-2048x756.gif 2048w\" sizes=\"auto, (max-width: 112px) 100vw, 112px\" \/><\/a><\/figure>\n<\/div><\/div>\n\n\n\n<hr class=\"wp-block-separator\"\/>\n\n\n\n<div class=\"wp-block-media-text alignwide\" style=\"grid-template-columns:45% auto\"><figure class=\"wp-block-media-text__media\"><img loading=\"lazy\" decoding=\"async\" width=\"926\" height=\"1024\" src=\"http:\/\/festimalles.fr\/wp-content\/uploads\/2020\/04\/Visuel-Babilire-926x1024.jpg\" alt=\"\" class=\"wp-image-627\" srcset=\"https:\/\/festimalles.fr\/wp-content\/uploads\/2020\/04\/Visuel-Babilire-926x1024.jpg 926w, https:\/\/festimalles.fr\/wp-content\/uploads\/2020\/04\/Visuel-Babilire-271x300.jpg 271w, https:\/\/festimalles.fr\/wp-content\/uploads\/2020\/04\/Visuel-Babilire-768x849.jpg 768w, https:\/\/festimalles.fr\/wp-content\/uploads\/2020\/04\/Visuel-Babilire-1389x1536.jpg 1389w, https:\/\/festimalles.fr\/wp-content\/uploads\/2020\/04\/Visuel-Babilire.jpg 1537w\" sizes=\"auto, (max-width: 926px) 100vw, 926px\" \/><\/figure><div class=\"wp-block-media-text__content\">\n<p class=\"has-vivid-cyan-blue-color has-text-color\" style=\"font-size:15px\"><em>Babilire, les b\u00e9b\u00e9s lisent et votent pour leur album pr\u00e9f\u00e9r\u00e9, par la Biblioth\u00e8que municipale de Nantes et Fran\u00e7oise Auneau<\/em><\/p>\n\n\n\n<p class=\"has-small-font-size\">Babilire est une action partenariale de la Biblioth\u00e8que municipale de Nantes qui met \u00e0 l&rsquo;honneur les albums pour les enfants de moins de 3 ans. Trois albums \u00e0 d\u00e9couvrir, \u00e0 lire et \u00e0 relire avec un adulte, \u00e0 la biblioth\u00e8que ou dans une structure d&rsquo;accueil Petite Enfance. Trois albums et du choix des tout-petits, un tapissimot va na\u00eetre&#8230; <\/p>\n\n\n\n<figure class=\"wp-block-image size-large is-resized\"><a href=\"https:\/\/bm.nantes.fr\/home.html\" target=\"_blank\" rel=\"noreferrer noopener\"><img loading=\"lazy\" decoding=\"async\" src=\"http:\/\/festimalles.fr\/wp-content\/uploads\/2020\/04\/Logo-Ville-de-Nantes.jpg\" alt=\"\" class=\"wp-image-632\" width=\"93\" height=\"35\" srcset=\"https:\/\/festimalles.fr\/wp-content\/uploads\/2020\/04\/Logo-Ville-de-Nantes.jpg 772w, https:\/\/festimalles.fr\/wp-content\/uploads\/2020\/04\/Logo-Ville-de-Nantes-300x115.jpg 300w, https:\/\/festimalles.fr\/wp-content\/uploads\/2020\/04\/Logo-Ville-de-Nantes-768x295.jpg 768w\" sizes=\"auto, (max-width: 93px) 100vw, 93px\" \/><\/a><\/figure>\n<\/div><\/div>\n\n\n\n<hr class=\"wp-block-separator\"\/>\n\n\n\n<div class=\"wp-block-media-text alignwide\" style=\"grid-template-columns:44% auto\"><figure class=\"wp-block-media-text__media\"><img decoding=\"async\" src=\"http:\/\/festimalles.fr\/wp-content\/uploads\/2020\/04\/Visuel-Recreacontes.jpg\" alt=\"\" class=\"wp-image-705\"\/><\/figure><div class=\"wp-block-media-text__content\">\n<p class=\"has-vivid-cyan-blue-color has-text-color\" style=\"font-size:15px\"><em>R\u00e9cr\u00e9acontes : du livre \u00e0 la cr\u00e9ation artistique, de Ga\u00eblle Belland de \u00ab\u00a0Sarthe Lecture\u00a0\u00bb, biblioth\u00e8que d\u00e9partementale de la Sarthe <\/em><\/p>\n\n\n\n<p class=\"has-small-font-size\">D\u00e9couverte d&rsquo;une action au long cours permettant la cr\u00e9ation d&rsquo;activit\u00e9 \u00e0 partir d&rsquo;albums jeunesse<\/p>\n\n\n\n<figure class=\"wp-block-image size-large is-resized\"><a href=\"http:\/\/lecture.sarthe.fr\/espace-pro\/action-culturelle\/projets\/recreacontes\/613-recreacontes-8e-edition-2\" target=\"_blank\" rel=\"noreferrer noopener\"><img loading=\"lazy\" decoding=\"async\" src=\"http:\/\/festimalles.fr\/wp-content\/uploads\/2020\/04\/Logo-d\u00e9partement-sarthe-r\u00e9cr\u00e9aconte-1024x262.png\" alt=\"\" class=\"wp-image-706\" width=\"101\" height=\"26\"\/><\/a><\/figure>\n<\/div><\/div>\n\n\n\n<hr class=\"wp-block-separator\"\/>\n\n\n\n<div class=\"wp-block-media-text alignwide\" style=\"grid-template-columns:48% auto\"><figure class=\"wp-block-media-text__media\"><img loading=\"lazy\" decoding=\"async\" width=\"1024\" height=\"576\" src=\"http:\/\/festimalles.fr\/wp-content\/uploads\/2020\/04\/2020-04-15-3-1024x576.png\" alt=\"\" class=\"wp-image-330\" srcset=\"https:\/\/festimalles.fr\/wp-content\/uploads\/2020\/04\/2020-04-15-3-1024x576.png 1024w, https:\/\/festimalles.fr\/wp-content\/uploads\/2020\/04\/2020-04-15-3-300x169.png 300w, https:\/\/festimalles.fr\/wp-content\/uploads\/2020\/04\/2020-04-15-3-768x432.png 768w, https:\/\/festimalles.fr\/wp-content\/uploads\/2020\/04\/2020-04-15-3-1140x641.png 1140w, https:\/\/festimalles.fr\/wp-content\/uploads\/2020\/04\/2020-04-15-3-540x304.png 540w, https:\/\/festimalles.fr\/wp-content\/uploads\/2020\/04\/2020-04-15-3.png 1166w\" sizes=\"auto, (max-width: 1024px) 100vw, 1024px\" \/><\/figure><div class=\"wp-block-media-text__content\">\n<p class=\"has-vivid-cyan-blue-color has-text-color\" style=\"font-size:15px\"><em>Prix du Fabulivre, par Christine Ramirez de l&rsquo;association Lire et Lire et Col\u00e9gram<\/em><\/p>\n\n\n\n<p class=\"has-small-font-size\">Pr\u00e9senter le prix du Fabulivre propos\u00e9 par la librairie Plume et Fabulettes en partenariat avec l\u2019association Lire &amp; Lire &amp; Col\u00e9gram. Ce prix litt\u00e9raire \u00e0 destination des jeunes lecteurs, de la Petite section \u00e0 la 6\u00e8me, a pour objectifs de donner aux enfants le go\u00fbt de lire et de leur permettre d&rsquo;\u00e9changer leurs avis de lecture. Cinq s\u00e9lections de cinq titres sont propos\u00e9es aux \u00e9coles et coll\u00e8ges. Un vote final est organis\u00e9 \u00e0 la fin du mois de mai pour d\u00e9terminer dans chaque s\u00e9lection le \u00ab\u00a0Fabuleux livre\u00a0\u00bb choisi par les enfants.<\/p>\n\n\n\n<figure class=\"wp-block-image size-large is-resized\"><a href=\"https:\/\/www.librairie-plumeetfabulettes.fr\/dossiers\/prix-du-fabulivre-2019-2020\/\" target=\"_blank\" rel=\"noreferrer noopener\"><img loading=\"lazy\" decoding=\"async\" src=\"http:\/\/festimalles.fr\/wp-content\/uploads\/2020\/04\/Logo-Plume-Fabulette-1024x721.jpg\" alt=\"\" class=\"wp-image-275\" width=\"63\" height=\"44\" srcset=\"https:\/\/festimalles.fr\/wp-content\/uploads\/2020\/04\/Logo-Plume-Fabulette-1024x721.jpg 1024w, https:\/\/festimalles.fr\/wp-content\/uploads\/2020\/04\/Logo-Plume-Fabulette-300x211.jpg 300w, https:\/\/festimalles.fr\/wp-content\/uploads\/2020\/04\/Logo-Plume-Fabulette-768x541.jpg 768w, https:\/\/festimalles.fr\/wp-content\/uploads\/2020\/04\/Logo-Plume-Fabulette-1536x1082.jpg 1536w, https:\/\/festimalles.fr\/wp-content\/uploads\/2020\/04\/Logo-Plume-Fabulette-2048x1443.jpg 2048w\" sizes=\"auto, (max-width: 63px) 100vw, 63px\" \/><\/a><\/figure>\n\n\n\n<p><\/p>\n<\/div><\/div>\n\n\n\n<hr class=\"wp-block-separator\"\/>\n\n\n\n<div class=\"wp-block-media-text alignwide\" style=\"grid-template-columns:45% auto\"><figure class=\"wp-block-media-text__media\"><img decoding=\"async\" src=\"http:\/\/festimalles.fr\/wp-content\/uploads\/2020\/04\/Visuel-M\u00e9diation-EXPO-960x1024.jpg\" alt=\"\" class=\"wp-image-720\"\/><\/figure><div class=\"wp-block-media-text__content\">\n<p class=\"has-vivid-cyan-blue-color has-text-color\" style=\"font-size:15px\"><em>M\u00e9diation autour d&rsquo;une exposition<\/em><\/p>\n\n\n\n<p class=\"has-small-font-size\"> La m\u00e9diath\u00e8que de Maz\u00e9 vous raconte sa&nbsp;d\u00e9marche de m\u00e9diation r\u00e9alis\u00e9e \u00e0&nbsp;la&nbsp;m\u00e9diath\u00e8que autour de Rue du Monde&nbsp;: exposition,&nbsp;livret-jeu&#8230; <\/p>\n\n\n\n<figure class=\"wp-block-image size-large is-resized\"><img loading=\"lazy\" decoding=\"async\" src=\"http:\/\/festimalles.fr\/wp-content\/uploads\/2020\/04\/Logo-m\u00e9diath\u00e8que-de-Maz\u00e9.jpg\" alt=\"\" class=\"wp-image-721\" width=\"29\" height=\"52\"\/><\/figure>\n<\/div><\/div>\n\n\n\n<hr class=\"wp-block-separator\"\/>\n\n\n\n<div class=\"wp-block-media-text alignwide is-stacked-on-mobile\" style=\"grid-template-columns:36% auto\"><figure class=\"wp-block-media-text__media\"><img loading=\"lazy\" decoding=\"async\" width=\"724\" height=\"1024\" src=\"http:\/\/festimalles.fr\/wp-content\/uploads\/2020\/04\/Visuel-lAnt\u00e9monde-724x1024.jpg\" alt=\"\" class=\"wp-image-519\" srcset=\"https:\/\/festimalles.fr\/wp-content\/uploads\/2020\/04\/Visuel-lAnt\u00e9monde-724x1024.jpg 724w, https:\/\/festimalles.fr\/wp-content\/uploads\/2020\/04\/Visuel-lAnt\u00e9monde-212x300.jpg 212w, https:\/\/festimalles.fr\/wp-content\/uploads\/2020\/04\/Visuel-lAnt\u00e9monde-768x1086.jpg 768w, https:\/\/festimalles.fr\/wp-content\/uploads\/2020\/04\/Visuel-lAnt\u00e9monde-1086x1536.jpg 1086w, https:\/\/festimalles.fr\/wp-content\/uploads\/2020\/04\/Visuel-lAnt\u00e9monde-1448x2048.jpg 1448w, https:\/\/festimalles.fr\/wp-content\/uploads\/2020\/04\/Visuel-lAnt\u00e9monde-scaled.jpg 1810w\" sizes=\"auto, (max-width: 724px) 100vw, 724px\" \/><\/figure><div class=\"wp-block-media-text__content\">\n<p class=\"has-vivid-cyan-blue-color has-text-color\" style=\"font-size:15px\"><em>Labo-fiction _ Imaginer des futurs d\u00e9sirables, par les Ateliers de l&rsquo;Ant\u00e9monde<\/em><\/p>\n\n\n\n<p class=\"has-small-font-size\">Attiser les imaginaires, mettre en lumi\u00e8re les points de d\u00e9saccords et susciter du d\u00e9bat. Un temps de mise en fiction ensemble, pour b\u00e2tir aussi&nbsp;!<\/p>\n\n\n\n<figure class=\"wp-block-image size-large is-resized\"><a href=\"https:\/\/antemonde.org\/\" target=\"_blank\" rel=\"noopener noreferrer\"><img loading=\"lazy\" decoding=\"async\" src=\"http:\/\/festimalles.fr\/wp-content\/uploads\/2020\/04\/Logo-lAnt\u00e9monde-1024x372.png\" alt=\"\" class=\"wp-image-517\" width=\"87\" height=\"31\" srcset=\"https:\/\/festimalles.fr\/wp-content\/uploads\/2020\/04\/Logo-lAnt\u00e9monde-1024x372.png 1024w, https:\/\/festimalles.fr\/wp-content\/uploads\/2020\/04\/Logo-lAnt\u00e9monde-300x109.png 300w, https:\/\/festimalles.fr\/wp-content\/uploads\/2020\/04\/Logo-lAnt\u00e9monde-768x279.png 768w, https:\/\/festimalles.fr\/wp-content\/uploads\/2020\/04\/Logo-lAnt\u00e9monde-1536x559.png 1536w, https:\/\/festimalles.fr\/wp-content\/uploads\/2020\/04\/Logo-lAnt\u00e9monde.png 1581w\" sizes=\"auto, (max-width: 87px) 100vw, 87px\" \/><\/a><\/figure>\n<\/div><\/div>\n","protected":false},"excerpt":{"rendered":"<p>Forum des Pratiques Nouveaut\u00e9 de cette \u00e9dition, le forum des pratiques et des exp\u00e9riences vise \u00e0 la mise en r\u00e9seau des diff\u00e9rents m\u00e9diateurs du livre des Pays-de-la-Loire et \u00e0 la circulation des id\u00e9es et des outils cr\u00e9\u00e9s. Sur des cr\u00e9neaux de 30 minutes, chaque intervenant pr\u00e9sente une exp\u00e9rience ou un outil puis en discute avec&hellip;<\/p>\n","protected":false},"author":1,"featured_media":0,"parent":1351,"menu_order":0,"comment_status":"closed","ping_status":"closed","template":"","meta":{"ngg_post_thumbnail":0,"footnotes":""},"class_list":["post-133","page","type-page","status-publish","hentry"],"_links":{"self":[{"href":"https:\/\/festimalles.fr\/index.php\/wp-json\/wp\/v2\/pages\/133","targetHints":{"allow":["GET"]}}],"collection":[{"href":"https:\/\/festimalles.fr\/index.php\/wp-json\/wp\/v2\/pages"}],"about":[{"href":"https:\/\/festimalles.fr\/index.php\/wp-json\/wp\/v2\/types\/page"}],"author":[{"embeddable":true,"href":"https:\/\/festimalles.fr\/index.php\/wp-json\/wp\/v2\/users\/1"}],"replies":[{"embeddable":true,"href":"https:\/\/festimalles.fr\/index.php\/wp-json\/wp\/v2\/comments?post=133"}],"version-history":[{"count":109,"href":"https:\/\/festimalles.fr\/index.php\/wp-json\/wp\/v2\/pages\/133\/revisions"}],"predecessor-version":[{"id":1311,"href":"https:\/\/festimalles.fr\/index.php\/wp-json\/wp\/v2\/pages\/133\/revisions\/1311"}],"up":[{"embeddable":true,"href":"https:\/\/festimalles.fr\/index.php\/wp-json\/wp\/v2\/pages\/1351"}],"wp:attachment":[{"href":"https:\/\/festimalles.fr\/index.php\/wp-json\/wp\/v2\/media?parent=133"}],"curies":[{"name":"wp","href":"https:\/\/api.w.org\/{rel}","templated":true}]}}